{"id":1856,"date":"2021-09-27T15:36:19","date_gmt":"2021-09-27T15:36:19","guid":{"rendered":"https:\/\/www.biovertix.com\/?page_id=1856"},"modified":"2023-09-27T12:48:24","modified_gmt":"2023-09-27T12:48:24","slug":"medicina-funcional","status":"publish","type":"page","link":"https:\/\/www.biovertix.com\/ca\/metode-terapeutic\/medicina-funcional\/","title":{"rendered":"Medicina funcional"},"content":{"rendered":"<div class=\"wpb-content-wrapper\"><p>[vc_row full_width=&#8221;stretch_row&#8221; css=&#8221;.vc_custom_1631975458675{padding-top: 60px !important;padding-bottom: 60px !important;}&#8221;][vc_column width=&#8221;2\/3&#8243;][vc_column_text]La Medicina Funcional \u00e9s un model centrat en el pacient, que identifica de manera individualitzada les causes que estan a l&#8217;arrel de les malalties cr\u00f2niques i problemes de salut propis del nostre temps.<\/p>\n<p>Les defici\u00e8ncies nutricionals per una mala alimentaci\u00f3, l&#8217;estr\u00e8s mantingut o l&#8217;exposici\u00f3 a t\u00f2xics mediambientals s\u00f3n alguns dels factors que contribueixen a la disfunci\u00f3 de la immunitat i generar una inflamaci\u00f3 cr\u00f2nica silent.<\/p>\n<p>Con\u00e8ixer l&#8217;estat de la microbiota \u00e9s cada cop m\u00e9s essencial per regular i modificar els patrons que afavoreixen la inflamaci\u00f3.<\/p>\n<p>Proves anal\u00edtiques espec\u00edfiques i una an\u00e0lisi funcional de femta permeten con\u00e8ixer a cada pacient les necessitats de nutrients aix\u00ed com l&#8217;\u00fas dels prebi\u00f2tics i probi\u00f2tics adequats, per restablir el bon funcionament dels diversos \u00f2rgans i sistemes.<\/p>\n<p>La Medicina Funcional permet identificar i modificar els desequilibris bioqu\u00edmics per prevenir i tractar malalties cr\u00f2niques cardiometab\u00f2liques, autoimmunes, digestives, diabetis, detoxificaci\u00f3 deficient i alteracions hormonals.<\/p>\n<p>Utilitza mesures terap\u00e8utiques com l&#8217;alimentaci\u00f3, els complements nutricionals, l&#8217;oligoter\u00e0pia o la microimmunoter\u00e0pia, sense risc per a la salut de la persona.[\/vc_column_text][vc_empty_space][\/vc_column][vc_column width=&#8221;1\/3&#8243; css=&#8221;.vc_custom_1631975071486{padding-top: 30px !important;padding-right: 30px !important;padding-bottom: 30px !important;padding-left: 30px !important;background-color: #edeaf1 !important;}&#8221;]<style type=\"text\/css\" data-type=\"the7_shortcodes-inline-css\">.dt-team-shortcode.team-masonry-shortcode-id-1b612e15d89dd03dc77ba566d1e9caaa .team-desc {\n  padding: 20px 20px 20px 20px;\n}\n.dt-team-shortcode.team-masonry-shortcode-id-1b612e15d89dd03dc77ba566d1e9caaa .team-author-name,\n.dt-team-shortcode.team-masonry-shortcode-id-1b612e15d89dd03dc77ba566d1e9caaa .team-author-name a {\n  margin-bottom: 0px;\n  font-weight: bold;\n}\n.dt-team-shortcode.team-masonry-shortcode-id-1b612e15d89dd03dc77ba566d1e9caaa .team-author p {\n  margin-bottom: 10px;\n  font-weight: bold;\n}\n.dt-team-shortcode.team-masonry-shortcode-id-1b612e15d89dd03dc77ba566d1e9caaa  .team-media {\n  padding: 0px 0px 0px 0px;\n}\n.dt-team-shortcode.team-masonry-shortcode-id-1b612e15d89dd03dc77ba566d1e9caaa .dt-css-grid .team-media img {\n  max-width: 100%;\n}\n.dt-team-shortcode.team-masonry-shortcode-id-1b612e15d89dd03dc77ba566d1e9caaa .team-content {\n  margin-bottom: 5px;\n}\n.dt-team-shortcode.team-masonry-shortcode-id-1b612e15d89dd03dc77ba566d1e9caaa  .team-media,\n.dt-team-shortcode.team-masonry-shortcode-id-1b612e15d89dd03dc77ba566d1e9caaa  .team-media a.rollover,\n.dt-team-shortcode.team-masonry-shortcode-id-1b612e15d89dd03dc77ba566d1e9caaa  .team-media a.rollover *,\n.dt-team-shortcode.team-masonry-shortcode-id-1b612e15d89dd03dc77ba566d1e9caaa  .team-media img {\n  border-radius: 0px;\n}\n.dt-team-shortcode.team-masonry-shortcode-id-1b612e15d89dd03dc77ba566d1e9caaa .soc-ico {\n  margin-bottom: 15px;\n}\n.dt-team-shortcode.team-masonry-shortcode-id-1b612e15d89dd03dc77ba566d1e9caaa .soc-ico a {\n  min-width: 26px;\n  min-height: 26px;\n  font-size: 16px;\n  border-radius: 100px;\n}\n.dt-team-shortcode.team-masonry-shortcode-id-1b612e15d89dd03dc77ba566d1e9caaa .soc-ico a:not(:last-child) {\n  margin-right: 4px;\n}\n.dt-team-shortcode.team-masonry-shortcode-id-1b612e15d89dd03dc77ba566d1e9caaa .soc-ico a:before,\n.dt-team-shortcode.team-masonry-shortcode-id-1b612e15d89dd03dc77ba566d1e9caaa .soc-ico a:after {\n  min-width: 26px;\n  min-height: 26px;\n  padding: inherit;\n}\n.dt-icon-border-on.dt-team-shortcode.team-masonry-shortcode-id-1b612e15d89dd03dc77ba566d1e9caaa .soc-ico a:before {\n  border: 0px solid transparent;\n}\n.dt-team-shortcode.team-masonry-shortcode-id-1b612e15d89dd03dc77ba566d1e9caaa .soc-ico a:hover {\n  font-size: 16px;\n}\n#page .dt-team-shortcode.team-masonry-shortcode-id-1b612e15d89dd03dc77ba566d1e9caaa .soc-ico a:hover .soc-font-icon {\n  color: rgba(255,255,255,0.75);\n  background: none;\n}\n.dt-icon-border-hover-on.dt-team-shortcode.team-masonry-shortcode-id-1b612e15d89dd03dc77ba566d1e9caaa .soc-ico a:after {\n  border: 0px solid transparent;\n}\n#page .dt-team-shortcode.team-masonry-shortcode-id-1b612e15d89dd03dc77ba566d1e9caaa .soc-ico a:not(:hover) .soc-font-icon {\n  color: #ffffff;\n  background: none;\n}\n.dt-team-shortcode.team-masonry-shortcode-id-1b612e15d89dd03dc77ba566d1e9caaa .soc-ico a .soc-font-icon {\n  font-size: 16px;\n}\n.dt-team-shortcode.team-masonry-shortcode-id-1b612e15d89dd03dc77ba566d1e9caaa .filter-bg-decoration .filter-categories a.act {\n  color: #fff;\n}\n.dt-team-shortcode.team-masonry-shortcode-id-1b612e15d89dd03dc77ba566d1e9caaa:not(.resize-by-browser-width) .dt-css-grid {\n  grid-row-gap: 0px;\n  grid-column-gap: 0px;\n  grid-template-columns: repeat(auto-fill,minmax(,1fr));\n}\n.cssgridlegacy.no-cssgrid .dt-team-shortcode.team-masonry-shortcode-id-1b612e15d89dd03dc77ba566d1e9caaa:not(.resize-by-browser-width) .dt-css-grid,\n.no-cssgridlegacy.no-cssgrid .dt-team-shortcode.team-masonry-shortcode-id-1b612e15d89dd03dc77ba566d1e9caaa:not(.resize-by-browser-width) .dt-css-grid {\n  display: flex;\n  flex-flow: row wrap;\n  margin: 0px;\n}\n.cssgridlegacy.no-cssgrid .dt-team-shortcode.team-masonry-shortcode-id-1b612e15d89dd03dc77ba566d1e9caaa:not(.resize-by-browser-width) .dt-css-grid .wf-cell,\n.no-cssgridlegacy.no-cssgrid .dt-team-shortcode.team-masonry-shortcode-id-1b612e15d89dd03dc77ba566d1e9caaa:not(.resize-by-browser-width) .dt-css-grid .wf-cell {\n  flex: 1 0 ;\n  max-width: 100%;\n  padding: 0px;\n  box-sizing: border-box;\n}\n.dt-team-shortcode.team-masonry-shortcode-id-1b612e15d89dd03dc77ba566d1e9caaa.resize-by-browser-width .dt-css-grid {\n  grid-template-columns: repeat(1,1fr);\n  grid-template-rows: auto;\n  grid-column-gap: 0px;\n  grid-row-gap: 0px;\n}\n.cssgridlegacy.no-cssgrid .dt-team-shortcode.team-masonry-shortcode-id-1b612e15d89dd03dc77ba566d1e9caaa.resize-by-browser-width .dt-css-grid,\n.no-cssgridlegacy.no-cssgrid .dt-team-shortcode.team-masonry-shortcode-id-1b612e15d89dd03dc77ba566d1e9caaa.resize-by-browser-width .dt-css-grid {\n  margin: 0px;\n}\n.cssgridlegacy.no-cssgrid .dt-team-shortcode.team-masonry-shortcode-id-1b612e15d89dd03dc77ba566d1e9caaa.resize-by-browser-width .dt-css-grid .wf-cell,\n.no-cssgridlegacy.no-cssgrid .dt-team-shortcode.team-masonry-shortcode-id-1b612e15d89dd03dc77ba566d1e9caaa.resize-by-browser-width .dt-css-grid .wf-cell {\n  width: 100%;\n  padding: 0px;\n}\n@media screen and (max-width: 1199px) {\n  .dt-team-shortcode.team-masonry-shortcode-id-1b612e15d89dd03dc77ba566d1e9caaa.resize-by-browser-width .dt-css-grid {\n    grid-template-columns: repeat(1,1fr);\n  }\n  .cssgridlegacy.no-cssgrid .dt-team-shortcode.team-masonry-shortcode-id-1b612e15d89dd03dc77ba566d1e9caaa.resize-by-browser-width .dt-css-grid .wf-cell,\n  .no-cssgridlegacy.no-cssgrid .dt-team-shortcode.team-masonry-shortcode-id-1b612e15d89dd03dc77ba566d1e9caaa.resize-by-browser-width .dt-css-grid .wf-cell {\n    width: 100%;\n  }\n}\n@media screen and (max-width: 991px) {\n  .dt-team-shortcode.team-masonry-shortcode-id-1b612e15d89dd03dc77ba566d1e9caaa.resize-by-browser-width .dt-css-grid {\n    grid-template-columns: repeat(1,1fr);\n  }\n  .cssgridlegacy.no-cssgrid .dt-team-shortcode.team-masonry-shortcode-id-1b612e15d89dd03dc77ba566d1e9caaa.resize-by-browser-width .dt-css-grid .wf-cell,\n  .no-cssgridlegacy.no-cssgrid .dt-team-shortcode.team-masonry-shortcode-id-1b612e15d89dd03dc77ba566d1e9caaa.resize-by-browser-width .dt-css-grid .wf-cell {\n    width: 100%;\n  }\n}\n@media screen and (max-width: 767px) {\n  .dt-team-shortcode.team-masonry-shortcode-id-1b612e15d89dd03dc77ba566d1e9caaa.resize-by-browser-width .dt-css-grid {\n    grid-template-columns: repeat(1,1fr);\n  }\n  .cssgridlegacy.no-cssgrid .dt-team-shortcode.team-masonry-shortcode-id-1b612e15d89dd03dc77ba566d1e9caaa.resize-by-browser-width .dt-css-grid .wf-cell,\n  .no-cssgridlegacy.no-cssgrid .dt-team-shortcode.team-masonry-shortcode-id-1b612e15d89dd03dc77ba566d1e9caaa.resize-by-browser-width .dt-css-grid .wf-cell {\n    width: 100%;\n  }\n}<\/style><div class=\"dt-team-masonry-shortcode dt-team-shortcode team-masonry-shortcode-id-1b612e15d89dd03dc77ba566d1e9caaa loading-effect-none mode-grid jquery-filter content-align-center content-bg-on dt-css-grid-wrap scale-img dt-css-grid-wrap dt-icon-bg-on dt-icon-border-on dt-icon-hover-bg-on dt-icon-border-hover-on move-icons-under-position resize-by-browser-width  \" data-padding=\"0px\" data-cur-page=\"1\" data-post-limit=\"-1\" data-pagination-mode=\"none\" data-desktop-columns-num=\"1\" data-v-tablet-columns-num=\"1\" data-h-tablet-columns-num=\"1\" data-phone-columns-num=\"1\" data-width=\"0px\" data-columns=\"0\"><div class=\"dt-css-grid\" ><\/div><!-- iso-container|iso-grid --><\/div>[vc_empty_space][vc_column_text]<\/p>\n<h3>Dra. Gina Bofill<\/h3>\n<p><strong>Llicenciada en Medicina i Cirurgia per la Universitat de Barcelona<\/strong><\/p>\n<p><strong>Col\u00b7legiada n\u00fam. 23228<\/strong><\/p>\n<p><span class=\"HwtZe\" lang=\"ca\"><span class=\"jCAhz ChMk0b\"><span class=\"ryNqvb\">Formaci\u00f3 en diverses \u00e0rees de la Medicina Nutricional i Funcional:<\/span><\/span><\/span>[\/vc_column_text]<div class=\"image-arrow list-divider bullet-top\"><ul>\n<li>Post-Grau en Ci\u00e8ncies de l&#8217;Alimentaci\u00f3 i la Nutrici\u00f3 per la Universitat de Barcelona<\/li>\n<li>Nutrici\u00f3 Ortomolecular a l&#8217;Institute for Optimum Nutrition a Londres<\/li>\n<li>Formaci\u00f3 en Oligoter\u00e0pia Catal\u00edtica<\/li>\n<li>Kinesiologia aplicada per l&#8217;International College of professional<\/li>\n<li>Kinesiology de Nova Zelanda<\/li>\n<li>Formaci\u00f3 en ter\u00e0pia Floral del Dr. Edward Bach<\/li>\n<li>Formaci\u00f3 continuada al camp de la micronutrici\u00f3, salut digestiva integrativa i microbiota, i a PsicoNeuroInmunologia<\/li>\n<li>Experi\u00e8ncia cl\u00ednica i docent sobre els efectes de l&#8217;estr\u00e8s cr\u00f2nic a la salut<\/li>\n<\/ul>\n<\/div>[\/vc_column][\/vc_row]<\/p>\n<\/div>","protected":false},"excerpt":{"rendered":"<p>[vc_row full_width=&#8221;stretch_row&#8221; css=&#8221;.vc_custom_1631975458675{padding-top: 60px !important;padding-bottom: 60px !important;}&#8221;][vc_column width=&#8221;2\/3&#8243;][vc_column_text]La Medicina Funcional \u00e9s un model centrat en el pacient, que identifica de manera individualitzada les causes que estan a l&#8217;arrel de les malalties cr\u00f2niques i problemes de salut propis del nostre temps. Les defici\u00e8ncies nutricionals per una mala alimentaci\u00f3, l&#8217;estr\u00e8s mantingut o l&#8217;exposici\u00f3 a t\u00f2xics mediambientals s\u00f3n&hellip;<\/p>\n","protected":false},"author":1,"featured_media":0,"parent":1051,"menu_order":3,"comment_status":"closed","ping_status":"closed","template":"","meta":{"footnotes":""},"class_list":["post-1856","page","type-page","status-publish","hentry","description-off"],"yoast_head":"<!-- This site is optimized with the Yoast SEO plugin v27.4 - https:\/\/yoast.com\/product\/yoast-seo-wordpress\/ -->\n<title>Medicina funcional - Biovertix - Centro de salud integral.<\/title>\n<meta name=\"robots\" content=\"index, follow, max-snippet:-1, max-image-preview:large, max-video-preview:-1\" \/>\n<link rel=\"canonical\" href=\"https:\/\/www.biovertix.com\/ca\/metode-terapeutic\/medicina-funcional\/\" \/>\n<meta property=\"og:locale\" content=\"ca_ES\" \/>\n<meta property=\"og:type\" content=\"article\" \/>\n<meta property=\"og:title\" content=\"Medicina funcional - Biovertix - Centro de salud integral.\" \/>\n<meta property=\"og:description\" content=\"[vc_row full_width=&#8221;stretch_row&#8221; css=&#8221;.vc_custom_1631975458675{padding-top: 60px !important;padding-bottom: 60px !important;}&#8221;][vc_column width=&#8221;2\/3&#8243;][vc_column_text]La Medicina Funcional \u00e9s un model centrat en el pacient, que identifica de manera individualitzada les causes que estan a l&#8217;arrel de les malalties cr\u00f2niques i problemes de salut propis del nostre temps. Les defici\u00e8ncies nutricionals per una mala alimentaci\u00f3, l&#8217;estr\u00e8s mantingut o l&#8217;exposici\u00f3 a t\u00f2xics mediambientals s\u00f3n&hellip;\" \/>\n<meta property=\"og:url\" content=\"https:\/\/www.biovertix.com\/ca\/metode-terapeutic\/medicina-funcional\/\" \/>\n<meta property=\"og:site_name\" content=\"Biovertix - Centro de salud integral.\" \/>\n<meta property=\"article:publisher\" content=\"https:\/\/www.facebook.com\/doctoraolaru\" \/>\n<meta property=\"article:modified_time\" content=\"2023-09-27T12:48:24+00:00\" \/>\n<meta name=\"twitter:card\" content=\"summary_large_image\" \/>\n<meta name=\"twitter:label1\" content=\"Temps estimat de lectura\" \/>\n\t<meta name=\"twitter:data1\" content=\"2 minuts\" \/>\n<script type=\"application\/ld+json\" class=\"yoast-schema-graph\">{\"@context\":\"https:\\\/\\\/schema.org\",\"@graph\":[{\"@type\":\"WebPage\",\"@id\":\"https:\\\/\\\/www.biovertix.com\\\/ca\\\/metode-terapeutic\\\/medicina-funcional\\\/\",\"url\":\"https:\\\/\\\/www.biovertix.com\\\/ca\\\/metode-terapeutic\\\/medicina-funcional\\\/\",\"name\":\"Medicina funcional - Biovertix - Centro de salud integral.\",\"isPartOf\":{\"@id\":\"https:\\\/\\\/www.biovertix.com\\\/#website\"},\"datePublished\":\"2021-09-27T15:36:19+00:00\",\"dateModified\":\"2023-09-27T12:48:24+00:00\",\"breadcrumb\":{\"@id\":\"https:\\\/\\\/www.biovertix.com\\\/ca\\\/metode-terapeutic\\\/medicina-funcional\\\/#breadcrumb\"},\"inLanguage\":\"ca\",\"potentialAction\":[{\"@type\":\"ReadAction\",\"target\":[\"https:\\\/\\\/www.biovertix.com\\\/ca\\\/metode-terapeutic\\\/medicina-funcional\\\/\"]}]},{\"@type\":\"BreadcrumbList\",\"@id\":\"https:\\\/\\\/www.biovertix.com\\\/ca\\\/metode-terapeutic\\\/medicina-funcional\\\/#breadcrumb\",\"itemListElement\":[{\"@type\":\"ListItem\",\"position\":1,\"name\":\"Portada\",\"item\":\"https:\\\/\\\/www.biovertix.com\\\/ca\\\/inicio\\\/\"},{\"@type\":\"ListItem\",\"position\":2,\"name\":\"Ter\u00e0pies\",\"item\":\"https:\\\/\\\/www.biovertix.com\\\/ca\\\/metode-terapeutic\\\/\"},{\"@type\":\"ListItem\",\"position\":3,\"name\":\"Medicina funcional\"}]},{\"@type\":\"WebSite\",\"@id\":\"https:\\\/\\\/www.biovertix.com\\\/#website\",\"url\":\"https:\\\/\\\/www.biovertix.com\\\/\",\"name\":\"Biovertix - Centro de salud integral.\",\"description\":\"Salud integrativa y quiropr\u00e1ctica en Barcelona\",\"publisher\":{\"@id\":\"https:\\\/\\\/www.biovertix.com\\\/#organization\"},\"potentialAction\":[{\"@type\":\"SearchAction\",\"target\":{\"@type\":\"EntryPoint\",\"urlTemplate\":\"https:\\\/\\\/www.biovertix.com\\\/?s={search_term_string}\"},\"query-input\":{\"@type\":\"PropertyValueSpecification\",\"valueRequired\":true,\"valueName\":\"search_term_string\"}}],\"inLanguage\":\"ca\"},{\"@type\":\"Organization\",\"@id\":\"https:\\\/\\\/www.biovertix.com\\\/#organization\",\"name\":\"Biovertix - Centro de salud integral.\",\"url\":\"https:\\\/\\\/www.biovertix.com\\\/\",\"logo\":{\"@type\":\"ImageObject\",\"inLanguage\":\"ca\",\"@id\":\"https:\\\/\\\/www.biovertix.com\\\/#\\\/schema\\\/logo\\\/image\\\/\",\"url\":\"https:\\\/\\\/www.biovertix.com\\\/wp-content\\\/uploads\\\/2021\\\/07\\\/biovertix-retina.png\",\"contentUrl\":\"https:\\\/\\\/www.biovertix.com\\\/wp-content\\\/uploads\\\/2021\\\/07\\\/biovertix-retina.png\",\"width\":364,\"height\":170,\"caption\":\"Biovertix - Centro de salud integral.\"},\"image\":{\"@id\":\"https:\\\/\\\/www.biovertix.com\\\/#\\\/schema\\\/logo\\\/image\\\/\"},\"sameAs\":[\"https:\\\/\\\/www.facebook.com\\\/doctoraolaru\"]}]}<\/script>\n<!-- \/ Yoast SEO plugin. -->","yoast_head_json":{"title":"Medicina funcional - Biovertix - Centro de salud integral.","robots":{"index":"index","follow":"follow","max-snippet":"max-snippet:-1","max-image-preview":"max-image-preview:large","max-video-preview":"max-video-preview:-1"},"canonical":"https:\/\/www.biovertix.com\/ca\/metode-terapeutic\/medicina-funcional\/","og_locale":"ca_ES","og_type":"article","og_title":"Medicina funcional - Biovertix - Centro de salud integral.","og_description":"[vc_row full_width=&#8221;stretch_row&#8221; css=&#8221;.vc_custom_1631975458675{padding-top: 60px !important;padding-bottom: 60px !important;}&#8221;][vc_column width=&#8221;2\/3&#8243;][vc_column_text]La Medicina Funcional \u00e9s un model centrat en el pacient, que identifica de manera individualitzada les causes que estan a l&#8217;arrel de les malalties cr\u00f2niques i problemes de salut propis del nostre temps. Les defici\u00e8ncies nutricionals per una mala alimentaci\u00f3, l&#8217;estr\u00e8s mantingut o l&#8217;exposici\u00f3 a t\u00f2xics mediambientals s\u00f3n&hellip;","og_url":"https:\/\/www.biovertix.com\/ca\/metode-terapeutic\/medicina-funcional\/","og_site_name":"Biovertix - Centro de salud integral.","article_publisher":"https:\/\/www.facebook.com\/doctoraolaru","article_modified_time":"2023-09-27T12:48:24+00:00","twitter_card":"summary_large_image","twitter_misc":{"Temps estimat de lectura":"2 minuts"},"schema":{"@context":"https:\/\/schema.org","@graph":[{"@type":"WebPage","@id":"https:\/\/www.biovertix.com\/ca\/metode-terapeutic\/medicina-funcional\/","url":"https:\/\/www.biovertix.com\/ca\/metode-terapeutic\/medicina-funcional\/","name":"Medicina funcional - Biovertix - Centro de salud integral.","isPartOf":{"@id":"https:\/\/www.biovertix.com\/#website"},"datePublished":"2021-09-27T15:36:19+00:00","dateModified":"2023-09-27T12:48:24+00:00","breadcrumb":{"@id":"https:\/\/www.biovertix.com\/ca\/metode-terapeutic\/medicina-funcional\/#breadcrumb"},"inLanguage":"ca","potentialAction":[{"@type":"ReadAction","target":["https:\/\/www.biovertix.com\/ca\/metode-terapeutic\/medicina-funcional\/"]}]},{"@type":"BreadcrumbList","@id":"https:\/\/www.biovertix.com\/ca\/metode-terapeutic\/medicina-funcional\/#breadcrumb","itemListElement":[{"@type":"ListItem","position":1,"name":"Portada","item":"https:\/\/www.biovertix.com\/ca\/inicio\/"},{"@type":"ListItem","position":2,"name":"Ter\u00e0pies","item":"https:\/\/www.biovertix.com\/ca\/metode-terapeutic\/"},{"@type":"ListItem","position":3,"name":"Medicina funcional"}]},{"@type":"WebSite","@id":"https:\/\/www.biovertix.com\/#website","url":"https:\/\/www.biovertix.com\/","name":"Biovertix - Centro de salud integral.","description":"Salud integrativa y quiropr\u00e1ctica en Barcelona","publisher":{"@id":"https:\/\/www.biovertix.com\/#organization"},"potentialAction":[{"@type":"SearchAction","target":{"@type":"EntryPoint","urlTemplate":"https:\/\/www.biovertix.com\/?s={search_term_string}"},"query-input":{"@type":"PropertyValueSpecification","valueRequired":true,"valueName":"search_term_string"}}],"inLanguage":"ca"},{"@type":"Organization","@id":"https:\/\/www.biovertix.com\/#organization","name":"Biovertix - Centro de salud integral.","url":"https:\/\/www.biovertix.com\/","logo":{"@type":"ImageObject","inLanguage":"ca","@id":"https:\/\/www.biovertix.com\/#\/schema\/logo\/image\/","url":"https:\/\/www.biovertix.com\/wp-content\/uploads\/2021\/07\/biovertix-retina.png","contentUrl":"https:\/\/www.biovertix.com\/wp-content\/uploads\/2021\/07\/biovertix-retina.png","width":364,"height":170,"caption":"Biovertix - Centro de salud integral."},"image":{"@id":"https:\/\/www.biovertix.com\/#\/schema\/logo\/image\/"},"sameAs":["https:\/\/www.facebook.com\/doctoraolaru"]}]}},"_links":{"self":[{"href":"https:\/\/www.biovertix.com\/ca\/wp-json\/wp\/v2\/pages\/1856","targetHints":{"allow":["GET"]}}],"collection":[{"href":"https:\/\/www.biovertix.com\/ca\/wp-json\/wp\/v2\/pages"}],"about":[{"href":"https:\/\/www.biovertix.com\/ca\/wp-json\/wp\/v2\/types\/page"}],"author":[{"embeddable":true,"href":"https:\/\/www.biovertix.com\/ca\/wp-json\/wp\/v2\/users\/1"}],"replies":[{"embeddable":true,"href":"https:\/\/www.biovertix.com\/ca\/wp-json\/wp\/v2\/comments?post=1856"}],"version-history":[{"count":6,"href":"https:\/\/www.biovertix.com\/ca\/wp-json\/wp\/v2\/pages\/1856\/revisions"}],"predecessor-version":[{"id":8094,"href":"https:\/\/www.biovertix.com\/ca\/wp-json\/wp\/v2\/pages\/1856\/revisions\/8094"}],"up":[{"embeddable":true,"href":"https:\/\/www.biovertix.com\/ca\/wp-json\/wp\/v2\/pages\/1051"}],"wp:attachment":[{"href":"https:\/\/www.biovertix.com\/ca\/wp-json\/wp\/v2\/media?parent=1856"}],"curies":[{"name":"wp","href":"https:\/\/api.w.org\/{rel}","templated":true}]}}