{"id":1698,"date":"2021-09-18T16:00:41","date_gmt":"2021-09-18T16:00:41","guid":{"rendered":"https:\/\/www.biovertix.com\/?page_id=1698"},"modified":"2023-09-27T13:23:16","modified_gmt":"2023-09-27T13:23:16","slug":"psicoterapia","status":"publish","type":"page","link":"https:\/\/www.biovertix.com\/ca\/metode-terapeutic\/psicoterapia\/","title":{"rendered":"Psicoter\u00e0pia"},"content":{"rendered":"<div class=\"wpb-content-wrapper\"><p>[vc_row full_width=&#8221;stretch_row&#8221; css=&#8221;.vc_custom_1631975458675{padding-top: 60px !important;padding-bottom: 60px !important;}&#8221;][vc_column width=&#8221;2\/3&#8243;][vc_column_text]Es tracta d&#8217;una de les especialitats que m\u00e9s avan\u00e7os en diagn\u00f2stic i tractament ha experimentat en els \u00faltims anys.[\/vc_column_text][vc_column_text]La psicoter\u00e0pia \u00e9s el tractament que t\u00e9 com a objectiu el canvi de pensaments, sentiments i conductes.<\/p>\n<p>Es duu a terme entre un professional amb la formaci\u00f3 i les habilitats necess\u00e0ries per facilitar el canvi psicol\u00f2gic, i el pacient\/client que requereix lajuda per alleujar els s\u00edmptomes que li produeixen un grau de patiment important.<\/p>\n<p>COP. (n.d.). LA PSICOTER\u00c0PIA. Retrieved September 16, 2021, from <a href=\"https:\/\/www.cop.es\/colegiados\/ca00088\/pag7.htm\" target=\"_blank\" rel=\"noopener\">https:\/\/www.cop.es\/colegiados\/ca00088\/pag7.htm<\/a><\/p>\n<p>\u00c9s molt freq\u00fcent que situacions no resoltes en el nivell psicoemocional desencadenen malestar i s\u00edmptomes f\u00edsics o funcionals.[\/vc_column_text][vc_empty_space]<div class=\"ult-content-box-container \" >\t\t<div class=\"ult-content-box\" style=\"background-color:#f6f6f6;box-shadow: px px px px none;padding:20px;-webkit-transition: all 700ms ease;-moz-transition: all 700ms ease;-ms-transition: all 700ms ease;-o-transition: all 700ms ease;transition: all 700ms ease;\"  data-hover_box_shadow=\"none\"     data-bg=\"#f6f6f6\" >[vc_column_text]<\/p>\n<p style=\"text-align: left;\">Desvetllar aquests missatges implica un enfocament terap\u00e8utic per comprendre la situaci\u00f3, entre altres aspectes:<\/p>\n<p>[\/vc_column_text][vc_empty_space]<div class=\"standard-arrow list-divider bullet-top\"><ul>\n<li>Treballar des de la identitat personal, la hist\u00f2ria de vida i l&#8217;autoestima.<\/li>\n<li>Identificar els estats emocionals, sensorials i mentals.<\/li>\n<li>Observar les relacions: socials i familiars.<\/li>\n<li>Atendre les demandes de la vida, el treball i els nostres objectius.<\/li>\n<li>Recon\u00e9ixer el sistema de construcci\u00f3 de significats i de pensament.<\/li>\n<\/ul>\n<\/div>\t\t<\/div><\/div>[vc_separator css=&#8221;.vc_custom_1685434894074{margin-top: 40px !important;margin-bottom: 40px !important;}&#8221;][vc_column_text css=&#8221;.vc_custom_1685434988794{margin-bottom: 25px !important;}&#8221;]Consulta el nostre bloc de Psicologia:[\/vc_column_text]<style type=\"text\/css\" data-type=\"the7_shortcodes-inline-css\">#default-btn-0489890531ba8a605325906d7f0c7c62.ico-right-side > i {\n  margin-right: 0px;\n  margin-left: 8px;\n}\n#default-btn-0489890531ba8a605325906d7f0c7c62 > i {\n  margin-right: 8px;\n}<\/style><a href=\"http:\/\/biovertixpsicologia.com\/\" class=\"default-btn-shortcode dt-btn dt-btn-l link-hover-off btn-inline-left \" target=\"_blank\" id=\"default-btn-0489890531ba8a605325906d7f0c7c62\" rel=\"noopener\"><span>Biovertix Psicologia<\/span><\/a>[\/vc_column][vc_column width=&#8221;1\/3&#8243; css=&#8221;.vc_custom_1631975071486{padding-top: 30px !important;padding-right: 30px !important;padding-bottom: 30px !important;padding-left: 30px !important;background-color: #edeaf1 !important;}&#8221;]<style type=\"text\/css\" data-type=\"the7_shortcodes-inline-css\">.dt-team-shortcode.team-masonry-shortcode-id-00d5843f6af0b2517c24f104cbd359c0 .team-desc {\n  padding: 20px 20px 20px 20px;\n}\n.dt-team-shortcode.team-masonry-shortcode-id-00d5843f6af0b2517c24f104cbd359c0 .team-author-name,\n.dt-team-shortcode.team-masonry-shortcode-id-00d5843f6af0b2517c24f104cbd359c0 .team-author-name a {\n  margin-bottom: 0px;\n  font-weight: bold;\n}\n.dt-team-shortcode.team-masonry-shortcode-id-00d5843f6af0b2517c24f104cbd359c0 .team-author p {\n  margin-bottom: 10px;\n  font-weight: bold;\n}\n.dt-team-shortcode.team-masonry-shortcode-id-00d5843f6af0b2517c24f104cbd359c0  .team-media {\n  padding: 0px 0px 0px 0px;\n}\n.dt-team-shortcode.team-masonry-shortcode-id-00d5843f6af0b2517c24f104cbd359c0 .dt-css-grid .team-media img {\n  max-width: 100%;\n}\n.dt-team-shortcode.team-masonry-shortcode-id-00d5843f6af0b2517c24f104cbd359c0 .team-content {\n  margin-bottom: 5px;\n}\n.dt-team-shortcode.team-masonry-shortcode-id-00d5843f6af0b2517c24f104cbd359c0  .team-media,\n.dt-team-shortcode.team-masonry-shortcode-id-00d5843f6af0b2517c24f104cbd359c0  .team-media a.rollover,\n.dt-team-shortcode.team-masonry-shortcode-id-00d5843f6af0b2517c24f104cbd359c0  .team-media a.rollover *,\n.dt-team-shortcode.team-masonry-shortcode-id-00d5843f6af0b2517c24f104cbd359c0  .team-media img {\n  border-radius: 0px;\n}\n.dt-team-shortcode.team-masonry-shortcode-id-00d5843f6af0b2517c24f104cbd359c0 .soc-ico {\n  margin-bottom: 15px;\n}\n.dt-team-shortcode.team-masonry-shortcode-id-00d5843f6af0b2517c24f104cbd359c0 .soc-ico a {\n  min-width: 26px;\n  min-height: 26px;\n  font-size: 16px;\n  border-radius: 100px;\n}\n.dt-team-shortcode.team-masonry-shortcode-id-00d5843f6af0b2517c24f104cbd359c0 .soc-ico a:not(:last-child) {\n  margin-right: 4px;\n}\n.dt-team-shortcode.team-masonry-shortcode-id-00d5843f6af0b2517c24f104cbd359c0 .soc-ico a:before,\n.dt-team-shortcode.team-masonry-shortcode-id-00d5843f6af0b2517c24f104cbd359c0 .soc-ico a:after {\n  min-width: 26px;\n  min-height: 26px;\n  padding: inherit;\n}\n.dt-icon-border-on.dt-team-shortcode.team-masonry-shortcode-id-00d5843f6af0b2517c24f104cbd359c0 .soc-ico a:before {\n  border: 0px solid transparent;\n}\n.dt-team-shortcode.team-masonry-shortcode-id-00d5843f6af0b2517c24f104cbd359c0 .soc-ico a:hover {\n  font-size: 16px;\n}\n#page .dt-team-shortcode.team-masonry-shortcode-id-00d5843f6af0b2517c24f104cbd359c0 .soc-ico a:hover .soc-font-icon {\n  color: rgba(255,255,255,0.75);\n  background: none;\n}\n.dt-icon-border-hover-on.dt-team-shortcode.team-masonry-shortcode-id-00d5843f6af0b2517c24f104cbd359c0 .soc-ico a:after {\n  border: 0px solid transparent;\n}\n#page .dt-team-shortcode.team-masonry-shortcode-id-00d5843f6af0b2517c24f104cbd359c0 .soc-ico a:not(:hover) .soc-font-icon {\n  color: #ffffff;\n  background: none;\n}\n.dt-team-shortcode.team-masonry-shortcode-id-00d5843f6af0b2517c24f104cbd359c0 .soc-ico a .soc-font-icon {\n  font-size: 16px;\n}\n.dt-team-shortcode.team-masonry-shortcode-id-00d5843f6af0b2517c24f104cbd359c0 .filter-bg-decoration .filter-categories a.act {\n  color: #fff;\n}\n.dt-team-shortcode.team-masonry-shortcode-id-00d5843f6af0b2517c24f104cbd359c0:not(.resize-by-browser-width) .dt-css-grid {\n  grid-row-gap: 0px;\n  grid-column-gap: 0px;\n  grid-template-columns: repeat(auto-fill,minmax(,1fr));\n}\n.cssgridlegacy.no-cssgrid .dt-team-shortcode.team-masonry-shortcode-id-00d5843f6af0b2517c24f104cbd359c0:not(.resize-by-browser-width) .dt-css-grid,\n.no-cssgridlegacy.no-cssgrid .dt-team-shortcode.team-masonry-shortcode-id-00d5843f6af0b2517c24f104cbd359c0:not(.resize-by-browser-width) .dt-css-grid {\n  display: flex;\n  flex-flow: row wrap;\n  margin: 0px;\n}\n.cssgridlegacy.no-cssgrid .dt-team-shortcode.team-masonry-shortcode-id-00d5843f6af0b2517c24f104cbd359c0:not(.resize-by-browser-width) .dt-css-grid .wf-cell,\n.no-cssgridlegacy.no-cssgrid .dt-team-shortcode.team-masonry-shortcode-id-00d5843f6af0b2517c24f104cbd359c0:not(.resize-by-browser-width) .dt-css-grid .wf-cell {\n  flex: 1 0 ;\n  max-width: 100%;\n  padding: 0px;\n  box-sizing: border-box;\n}\n.dt-team-shortcode.team-masonry-shortcode-id-00d5843f6af0b2517c24f104cbd359c0.resize-by-browser-width .dt-css-grid {\n  grid-template-columns: repeat(1,1fr);\n  grid-template-rows: auto;\n  grid-column-gap: 0px;\n  grid-row-gap: 0px;\n}\n.cssgridlegacy.no-cssgrid .dt-team-shortcode.team-masonry-shortcode-id-00d5843f6af0b2517c24f104cbd359c0.resize-by-browser-width .dt-css-grid,\n.no-cssgridlegacy.no-cssgrid .dt-team-shortcode.team-masonry-shortcode-id-00d5843f6af0b2517c24f104cbd359c0.resize-by-browser-width .dt-css-grid {\n  margin: 0px;\n}\n.cssgridlegacy.no-cssgrid .dt-team-shortcode.team-masonry-shortcode-id-00d5843f6af0b2517c24f104cbd359c0.resize-by-browser-width .dt-css-grid .wf-cell,\n.no-cssgridlegacy.no-cssgrid .dt-team-shortcode.team-masonry-shortcode-id-00d5843f6af0b2517c24f104cbd359c0.resize-by-browser-width .dt-css-grid .wf-cell {\n  width: 100%;\n  padding: 0px;\n}\n@media screen and (max-width: 1199px) {\n  .dt-team-shortcode.team-masonry-shortcode-id-00d5843f6af0b2517c24f104cbd359c0.resize-by-browser-width .dt-css-grid {\n    grid-template-columns: repeat(1,1fr);\n  }\n  .cssgridlegacy.no-cssgrid .dt-team-shortcode.team-masonry-shortcode-id-00d5843f6af0b2517c24f104cbd359c0.resize-by-browser-width .dt-css-grid .wf-cell,\n  .no-cssgridlegacy.no-cssgrid .dt-team-shortcode.team-masonry-shortcode-id-00d5843f6af0b2517c24f104cbd359c0.resize-by-browser-width .dt-css-grid .wf-cell {\n    width: 100%;\n  }\n}\n@media screen and (max-width: 991px) {\n  .dt-team-shortcode.team-masonry-shortcode-id-00d5843f6af0b2517c24f104cbd359c0.resize-by-browser-width .dt-css-grid {\n    grid-template-columns: repeat(1,1fr);\n  }\n  .cssgridlegacy.no-cssgrid .dt-team-shortcode.team-masonry-shortcode-id-00d5843f6af0b2517c24f104cbd359c0.resize-by-browser-width .dt-css-grid .wf-cell,\n  .no-cssgridlegacy.no-cssgrid .dt-team-shortcode.team-masonry-shortcode-id-00d5843f6af0b2517c24f104cbd359c0.resize-by-browser-width .dt-css-grid .wf-cell {\n    width: 100%;\n  }\n}\n@media screen and (max-width: 767px) {\n  .dt-team-shortcode.team-masonry-shortcode-id-00d5843f6af0b2517c24f104cbd359c0.resize-by-browser-width .dt-css-grid {\n    grid-template-columns: repeat(1,1fr);\n  }\n  .cssgridlegacy.no-cssgrid .dt-team-shortcode.team-masonry-shortcode-id-00d5843f6af0b2517c24f104cbd359c0.resize-by-browser-width .dt-css-grid .wf-cell,\n  .no-cssgridlegacy.no-cssgrid .dt-team-shortcode.team-masonry-shortcode-id-00d5843f6af0b2517c24f104cbd359c0.resize-by-browser-width .dt-css-grid .wf-cell {\n    width: 100%;\n  }\n}<\/style><div class=\"dt-team-masonry-shortcode dt-team-shortcode team-masonry-shortcode-id-00d5843f6af0b2517c24f104cbd359c0 loading-effect-none mode-grid jquery-filter content-align-center content-bg-on dt-css-grid-wrap scale-img dt-css-grid-wrap dt-icon-bg-on dt-icon-border-on dt-icon-hover-bg-on dt-icon-border-hover-on move-icons-under-position resize-by-browser-width  \" data-padding=\"0px\" data-cur-page=\"1\" data-post-limit=\"-1\" data-pagination-mode=\"none\" data-desktop-columns-num=\"1\" data-v-tablet-columns-num=\"1\" data-h-tablet-columns-num=\"1\" data-phone-columns-num=\"1\" data-width=\"0px\" data-columns=\"0\"><div class=\"dt-css-grid\" ><div class=\"visible wf-cell\" data-post-id=\"949\" data-date=\"2021-07-22T13:01:16+00:00\" data-name=\"Alfred Raya\"><div class=\"team-container visible post post-949 dt_team type-dt_team status-publish has-post-thumbnail hentry dt_team_category-equip dt_team_category-37 description-off\"><div class=\"team-media\"><a href=\"https:\/\/www.biovertix.com\/ca\/equip\/alfred-raya\/\" class=\"rollover layzr-bg\"><img fetchpriority=\"high\" decoding=\"async\" class=\"preload-me iso-lazy-load aspect\" src=\"data:image\/svg+xml,%3Csvg%20xmlns%3D&#39;http%3A%2F%2Fwww.w3.org%2F2000%2Fsvg&#39;%20viewBox%3D&#39;0%200%20768%20768&#39;%2F%3E\" data-src=\"https:\/\/www.biovertix.com\/wp-content\/uploads\/2016\/06\/equip_6-768x768.jpg\" data-srcset=\"https:\/\/www.biovertix.com\/wp-content\/uploads\/2016\/06\/equip_6-768x768.jpg 768w\" loading=\"eager\" style=\"--ratio: 768 \/ 768\" sizes=\"(max-width: 768px) 100vw, 768px\" width=\"768\" height=\"768\"  title=\"equip_6\" alt=\"\" \/><\/a><\/div><div class=\"team-desc\"><div class=\"team-author\"><div class=\"team-author-name\"><a href=\"https:\/\/www.biovertix.com\/ca\/equip\/alfred-raya\/\">Alfred Raya<\/a><\/div><p>Pisc\u00f2leg cl\u00ednic i de la salut<\/p><\/div><div class=\"team-content\"><\/div>\n<a href=\"https:\/\/www.biovertix.com\/ca\/equip\/alfred-raya\/\" class=\"post-details details-type-link\" aria-label=\"Read more about Alfred Raya\">M\u00e9s informaci\u00f3<i class=\"dt-icon-the7-arrow-03\" aria-hidden=\"true\"><\/i><\/a>\n<\/div><\/div><\/div><\/div><!-- iso-container|iso-grid --><\/div>[vc_empty_space]<div class=\"image-arrow list-divider bullet-top\"><p><strong>Graduat en psicologia. Especialitat Cl\u00ednica i Salut. <\/strong><\/p>\n<p><strong>Col\u00b7legiat 22725.<\/strong><\/p>\n<ul>\n<li>Psic\u00f2leg General Sanitari i Psicoterapeuta acreditat per ASEPCO i FEAP.<\/li>\n<li>M\u00e0ster en ter\u00e0pia cognitivosocial (UB)<\/li>\n<li>Formaci\u00f3 especialitzada en tractament del dolor cr\u00f2nic i fibromi\u00e0lgia.<\/li>\n<\/ul>\n<\/div>[\/vc_column][\/vc_row]<\/p>\n<\/div>","protected":false},"excerpt":{"rendered":"<p>[vc_row full_width=&#8221;stretch_row&#8221; css=&#8221;.vc_custom_1631975458675{padding-top: 60px !important;padding-bottom: 60px !important;}&#8221;][vc_column width=&#8221;2\/3&#8243;][vc_column_text]Es tracta d&#8217;una de les especialitats que m\u00e9s avan\u00e7os en diagn\u00f2stic i tractament ha experimentat en els \u00faltims anys.[\/vc_column_text][vc_column_text]La psicoter\u00e0pia \u00e9s el tractament que t\u00e9 com a objectiu el canvi de pensaments, sentiments i conductes. Es duu a terme entre un professional amb la formaci\u00f3 i les habilitats&hellip;<\/p>\n","protected":false},"author":1,"featured_media":0,"parent":1051,"menu_order":3,"comment_status":"closed","ping_status":"closed","template":"","meta":{"footnotes":""},"class_list":["post-1698","page","type-page","status-publish","hentry","description-off"],"yoast_head":"<!-- This site is optimized with the Yoast SEO plugin v27.4 - https:\/\/yoast.com\/product\/yoast-seo-wordpress\/ -->\n<title>Psicoter\u00e0pia - Biovertix - Centro de salud integral.<\/title>\n<meta name=\"robots\" content=\"index, follow, max-snippet:-1, max-image-preview:large, max-video-preview:-1\" \/>\n<link rel=\"canonical\" href=\"https:\/\/www.biovertix.com\/ca\/metode-terapeutic\/psicoterapia\/\" \/>\n<meta property=\"og:locale\" content=\"ca_ES\" \/>\n<meta property=\"og:type\" content=\"article\" \/>\n<meta property=\"og:title\" content=\"Psicoter\u00e0pia - Biovertix - Centro de salud integral.\" \/>\n<meta property=\"og:description\" content=\"[vc_row full_width=&#8221;stretch_row&#8221; css=&#8221;.vc_custom_1631975458675{padding-top: 60px !important;padding-bottom: 60px !important;}&#8221;][vc_column width=&#8221;2\/3&#8243;][vc_column_text]Es tracta d&#8217;una de les especialitats que m\u00e9s avan\u00e7os en diagn\u00f2stic i tractament ha experimentat en els \u00faltims anys.[\/vc_column_text][vc_column_text]La psicoter\u00e0pia \u00e9s el tractament que t\u00e9 com a objectiu el canvi de pensaments, sentiments i conductes. Es duu a terme entre un professional amb la formaci\u00f3 i les habilitats&hellip;\" \/>\n<meta property=\"og:url\" content=\"https:\/\/www.biovertix.com\/ca\/metode-terapeutic\/psicoterapia\/\" \/>\n<meta property=\"og:site_name\" content=\"Biovertix - Centro de salud integral.\" \/>\n<meta property=\"article:publisher\" content=\"https:\/\/www.facebook.com\/doctoraolaru\" \/>\n<meta property=\"article:modified_time\" content=\"2023-09-27T13:23:16+00:00\" \/>\n<meta name=\"twitter:card\" content=\"summary_large_image\" \/>\n<meta name=\"twitter:label1\" content=\"Temps estimat de lectura\" \/>\n\t<meta name=\"twitter:data1\" content=\"2 minuts\" \/>\n<script type=\"application\/ld+json\" class=\"yoast-schema-graph\">{\"@context\":\"https:\\\/\\\/schema.org\",\"@graph\":[{\"@type\":\"WebPage\",\"@id\":\"https:\\\/\\\/www.biovertix.com\\\/ca\\\/metode-terapeutic\\\/psicoterapia\\\/\",\"url\":\"https:\\\/\\\/www.biovertix.com\\\/ca\\\/metode-terapeutic\\\/psicoterapia\\\/\",\"name\":\"Psicoter\u00e0pia - Biovertix - Centro de salud integral.\",\"isPartOf\":{\"@id\":\"https:\\\/\\\/www.biovertix.com\\\/#website\"},\"datePublished\":\"2021-09-18T16:00:41+00:00\",\"dateModified\":\"2023-09-27T13:23:16+00:00\",\"breadcrumb\":{\"@id\":\"https:\\\/\\\/www.biovertix.com\\\/ca\\\/metode-terapeutic\\\/psicoterapia\\\/#breadcrumb\"},\"inLanguage\":\"ca\",\"potentialAction\":[{\"@type\":\"ReadAction\",\"target\":[\"https:\\\/\\\/www.biovertix.com\\\/ca\\\/metode-terapeutic\\\/psicoterapia\\\/\"]}]},{\"@type\":\"BreadcrumbList\",\"@id\":\"https:\\\/\\\/www.biovertix.com\\\/ca\\\/metode-terapeutic\\\/psicoterapia\\\/#breadcrumb\",\"itemListElement\":[{\"@type\":\"ListItem\",\"position\":1,\"name\":\"Portada\",\"item\":\"https:\\\/\\\/www.biovertix.com\\\/ca\\\/inicio\\\/\"},{\"@type\":\"ListItem\",\"position\":2,\"name\":\"Ter\u00e0pies\",\"item\":\"https:\\\/\\\/www.biovertix.com\\\/ca\\\/metode-terapeutic\\\/\"},{\"@type\":\"ListItem\",\"position\":3,\"name\":\"Psicoter\u00e0pia\"}]},{\"@type\":\"WebSite\",\"@id\":\"https:\\\/\\\/www.biovertix.com\\\/#website\",\"url\":\"https:\\\/\\\/www.biovertix.com\\\/\",\"name\":\"Biovertix - Centro de salud integral.\",\"description\":\"Salud integrativa y quiropr\u00e1ctica en Barcelona\",\"publisher\":{\"@id\":\"https:\\\/\\\/www.biovertix.com\\\/#organization\"},\"potentialAction\":[{\"@type\":\"SearchAction\",\"target\":{\"@type\":\"EntryPoint\",\"urlTemplate\":\"https:\\\/\\\/www.biovertix.com\\\/?s={search_term_string}\"},\"query-input\":{\"@type\":\"PropertyValueSpecification\",\"valueRequired\":true,\"valueName\":\"search_term_string\"}}],\"inLanguage\":\"ca\"},{\"@type\":\"Organization\",\"@id\":\"https:\\\/\\\/www.biovertix.com\\\/#organization\",\"name\":\"Biovertix - Centro de salud integral.\",\"url\":\"https:\\\/\\\/www.biovertix.com\\\/\",\"logo\":{\"@type\":\"ImageObject\",\"inLanguage\":\"ca\",\"@id\":\"https:\\\/\\\/www.biovertix.com\\\/#\\\/schema\\\/logo\\\/image\\\/\",\"url\":\"https:\\\/\\\/www.biovertix.com\\\/wp-content\\\/uploads\\\/2021\\\/07\\\/biovertix-retina.png\",\"contentUrl\":\"https:\\\/\\\/www.biovertix.com\\\/wp-content\\\/uploads\\\/2021\\\/07\\\/biovertix-retina.png\",\"width\":364,\"height\":170,\"caption\":\"Biovertix - Centro de salud integral.\"},\"image\":{\"@id\":\"https:\\\/\\\/www.biovertix.com\\\/#\\\/schema\\\/logo\\\/image\\\/\"},\"sameAs\":[\"https:\\\/\\\/www.facebook.com\\\/doctoraolaru\"]}]}<\/script>\n<!-- \/ Yoast SEO plugin. -->","yoast_head_json":{"title":"Psicoter\u00e0pia - Biovertix - Centro de salud integral.","robots":{"index":"index","follow":"follow","max-snippet":"max-snippet:-1","max-image-preview":"max-image-preview:large","max-video-preview":"max-video-preview:-1"},"canonical":"https:\/\/www.biovertix.com\/ca\/metode-terapeutic\/psicoterapia\/","og_locale":"ca_ES","og_type":"article","og_title":"Psicoter\u00e0pia - Biovertix - Centro de salud integral.","og_description":"[vc_row full_width=&#8221;stretch_row&#8221; css=&#8221;.vc_custom_1631975458675{padding-top: 60px !important;padding-bottom: 60px !important;}&#8221;][vc_column width=&#8221;2\/3&#8243;][vc_column_text]Es tracta d&#8217;una de les especialitats que m\u00e9s avan\u00e7os en diagn\u00f2stic i tractament ha experimentat en els \u00faltims anys.[\/vc_column_text][vc_column_text]La psicoter\u00e0pia \u00e9s el tractament que t\u00e9 com a objectiu el canvi de pensaments, sentiments i conductes. Es duu a terme entre un professional amb la formaci\u00f3 i les habilitats&hellip;","og_url":"https:\/\/www.biovertix.com\/ca\/metode-terapeutic\/psicoterapia\/","og_site_name":"Biovertix - Centro de salud integral.","article_publisher":"https:\/\/www.facebook.com\/doctoraolaru","article_modified_time":"2023-09-27T13:23:16+00:00","twitter_card":"summary_large_image","twitter_misc":{"Temps estimat de lectura":"2 minuts"},"schema":{"@context":"https:\/\/schema.org","@graph":[{"@type":"WebPage","@id":"https:\/\/www.biovertix.com\/ca\/metode-terapeutic\/psicoterapia\/","url":"https:\/\/www.biovertix.com\/ca\/metode-terapeutic\/psicoterapia\/","name":"Psicoter\u00e0pia - Biovertix - Centro de salud integral.","isPartOf":{"@id":"https:\/\/www.biovertix.com\/#website"},"datePublished":"2021-09-18T16:00:41+00:00","dateModified":"2023-09-27T13:23:16+00:00","breadcrumb":{"@id":"https:\/\/www.biovertix.com\/ca\/metode-terapeutic\/psicoterapia\/#breadcrumb"},"inLanguage":"ca","potentialAction":[{"@type":"ReadAction","target":["https:\/\/www.biovertix.com\/ca\/metode-terapeutic\/psicoterapia\/"]}]},{"@type":"BreadcrumbList","@id":"https:\/\/www.biovertix.com\/ca\/metode-terapeutic\/psicoterapia\/#breadcrumb","itemListElement":[{"@type":"ListItem","position":1,"name":"Portada","item":"https:\/\/www.biovertix.com\/ca\/inicio\/"},{"@type":"ListItem","position":2,"name":"Ter\u00e0pies","item":"https:\/\/www.biovertix.com\/ca\/metode-terapeutic\/"},{"@type":"ListItem","position":3,"name":"Psicoter\u00e0pia"}]},{"@type":"WebSite","@id":"https:\/\/www.biovertix.com\/#website","url":"https:\/\/www.biovertix.com\/","name":"Biovertix - Centro de salud integral.","description":"Salud integrativa y quiropr\u00e1ctica en Barcelona","publisher":{"@id":"https:\/\/www.biovertix.com\/#organization"},"potentialAction":[{"@type":"SearchAction","target":{"@type":"EntryPoint","urlTemplate":"https:\/\/www.biovertix.com\/?s={search_term_string}"},"query-input":{"@type":"PropertyValueSpecification","valueRequired":true,"valueName":"search_term_string"}}],"inLanguage":"ca"},{"@type":"Organization","@id":"https:\/\/www.biovertix.com\/#organization","name":"Biovertix - Centro de salud integral.","url":"https:\/\/www.biovertix.com\/","logo":{"@type":"ImageObject","inLanguage":"ca","@id":"https:\/\/www.biovertix.com\/#\/schema\/logo\/image\/","url":"https:\/\/www.biovertix.com\/wp-content\/uploads\/2021\/07\/biovertix-retina.png","contentUrl":"https:\/\/www.biovertix.com\/wp-content\/uploads\/2021\/07\/biovertix-retina.png","width":364,"height":170,"caption":"Biovertix - Centro de salud integral."},"image":{"@id":"https:\/\/www.biovertix.com\/#\/schema\/logo\/image\/"},"sameAs":["https:\/\/www.facebook.com\/doctoraolaru"]}]}},"_links":{"self":[{"href":"https:\/\/www.biovertix.com\/ca\/wp-json\/wp\/v2\/pages\/1698","targetHints":{"allow":["GET"]}}],"collection":[{"href":"https:\/\/www.biovertix.com\/ca\/wp-json\/wp\/v2\/pages"}],"about":[{"href":"https:\/\/www.biovertix.com\/ca\/wp-json\/wp\/v2\/types\/page"}],"author":[{"embeddable":true,"href":"https:\/\/www.biovertix.com\/ca\/wp-json\/wp\/v2\/users\/1"}],"replies":[{"embeddable":true,"href":"https:\/\/www.biovertix.com\/ca\/wp-json\/wp\/v2\/comments?post=1698"}],"version-history":[{"count":7,"href":"https:\/\/www.biovertix.com\/ca\/wp-json\/wp\/v2\/pages\/1698\/revisions"}],"predecessor-version":[{"id":8116,"href":"https:\/\/www.biovertix.com\/ca\/wp-json\/wp\/v2\/pages\/1698\/revisions\/8116"}],"up":[{"embeddable":true,"href":"https:\/\/www.biovertix.com\/ca\/wp-json\/wp\/v2\/pages\/1051"}],"wp:attachment":[{"href":"https:\/\/www.biovertix.com\/ca\/wp-json\/wp\/v2\/media?parent=1698"}],"curies":[{"name":"wp","href":"https:\/\/api.w.org\/{rel}","templated":true}]}}