{"id":1044,"date":"2021-07-27T14:04:55","date_gmt":"2021-07-27T14:04:55","guid":{"rendered":"https:\/\/www.biovertix.com\/psicoterapia\/"},"modified":"2021-09-07T07:28:28","modified_gmt":"2021-09-07T07:28:28","slug":"psicoterapia","status":"publish","type":"page","link":"https:\/\/www.biovertix.com\/ca\/psicoterapia\/","title":{"rendered":"Psicoter\u00e0pia"},"content":{"rendered":"<div class=\"wpb-content-wrapper\"><p>[vc_row type=&#8221;vc_default&#8221; css=&#8221;.vc_custom_1474212123263{padding-bottom: 40px !important;}&#8221;][vc_column css=&#8221;.vc_custom_1467303303610{padding-bottom: 20px !important;}&#8221;][vc_column_text]<\/p>\n<h2>PSICOTER\u00c0PIA A BIOVERTIX<\/h2>\n<p>[\/vc_column_text][vc_empty_space height=&#8221;45px&#8221;][vc_row_inner][vc_column_inner width=&#8221;1\/2&#8243;][vc_single_image image=&#8221;856&#8243; img_size=&#8221;full&#8221;][\/vc_column_inner][vc_column_inner width=&#8221;1\/2&#8243;][vc_column_text]Biovertix disposa del seu propi espai psicoterap\u00e8utic que facilita als usuaris del nostre centre, treballar aspectes psico-soci-emocionals. Segons el nostre enfocament integrador, entenem la salut com a concepte global de les dimensions f\u00edsiques i psicol\u00f2giques de l&#8217;\u00e9sser hum\u00e0. Vegem que pot oc\u00f3rrer quan aquest benestar no \u00e9s complet.[\/vc_column_text][\/vc_column_inner][\/vc_row_inner][\/vc_column][\/vc_row][vc_row type=&#8221;vc_default&#8221; css=&#8221;.vc_custom_1474212123263{padding-bottom: 40px !important;}&#8221;][vc_column css=&#8221;.vc_custom_1467303303610{padding-bottom: 20px !important;}&#8221;][vc_column_text]De vegades, observem que el nostre cos no est\u00e0 b\u00e9, no es recupera o, tenim mol\u00e8sties repetitives o cr\u00f2niques. El seu origen pot ser divers: traumes, conflictes no resolts, p\u00e8rdues o, dificultats en les nostres relacions. <strong>Solem dir llavors: &#8220;estaria b\u00e9 si no fos per aquest dolor, aquests rampes, aquests, punxades &#8230;&#8221;<\/strong><\/p>\n<p>En altres casos, els nostres sentiments, sensacions o emocions ens mantenen en estats d&#8217;alarma, des\u00e0nim o agitaci\u00f3 i, \u00e9s freq\u00fcent, que no sapiguem dir que ens passa. <strong>Nom\u00e9s podem expressar: &#8220;no em sento b\u00e9&#8221;.<\/strong><\/p>\n<p>En altres ocasions, el nostre comportament no \u00e9s funcional, no resol els problemes amb qu\u00e8 ens trobem en la nostra vida. Tot i aix\u00f2, no podem generar alternatives, intentem posar en pr\u00e0ctica els recursos coneguts i podem sentir-nos frustrats o desanimats. <strong>Intentem sortir d&#8217;un clot, cavant amb una pala<\/strong>.<\/p>\n<p>Tamb\u00e9 pot oc\u00f3rrer que el nostre pensament sigui poc efica\u00e7, recurrent i ens sentim bloquejats. En aquests casos podem sentir que la nostra ment domina la nostra vida o que no aconseguim enfocar-nos convenientment: notarem falta d&#8217;atenci\u00f3, desmotivaci\u00f3, inquietud o dubtes. <strong>Aix\u00f2 sol presentar-se amb comentaris de l&#8217;tipus: &#8220;ja puc jo voler fer alguna cosa, que a la fi sempre amb el mateix&#8221;<\/strong>[\/vc_column_text][\/vc_column][\/vc_row][vc_row full_width=&#8221;stretch_row&#8221; bg_type=&#8221;bg_color&#8221; type=&#8221;vc_default&#8221; css=&#8221;.vc_custom_1627396463212{padding-top: 60px !important;padding-bottom: 40px !important;}&#8221; bg_color_value=&#8221;#edeaf1&#8243;][vc_column width=&#8221;1\/6&#8243; css=&#8221;.vc_custom_1467303303610{padding-bottom: 20px !important;}&#8221;][\/vc_column][vc_column width=&#8221;2\/3&#8243; css=&#8221;.vc_custom_1467303244842{padding-bottom: 40px !important;}&#8221;][vc_column_text]<\/p>\n<h3>Desvetllar aquests missatges, implica un treball terap\u00e8utic per comprendre la situaci\u00f3, entre d&#8217;altres aspectes:<\/h3>\n<p>[\/vc_column_text][vc_empty_space height=&#8221;45px&#8221;]<div class=\"standard-arrow list-divider bullet-top\"><ul>\n<li>\n<h3>Treballar des de la identitat personal, la hist\u00f2ria de vida i l&#8217;autoestima.<\/h3>\n<\/li>\n<li>\n<h3>Identificar els estats emocionals, sensorials i mentals.<\/h3>\n<\/li>\n<li>\n<h3>Observar les relacions: socials i familiars.<\/h3>\n<\/li>\n<li>\n<h3>Atendre les demandes de la vida, el treball i els nostres objectius.<\/h3>\n<\/li>\n<li>\n<h3>Recon\u00e8ixer el sistema de construcci\u00f3 de significats i de pensament.<\/h3>\n<\/li>\n<\/ul>\n<\/div>[\/vc_column][vc_column width=&#8221;1\/6&#8243;][\/vc_column][\/vc_row][vc_row type=&#8221;vc_default&#8221; css=&#8221;.vc_custom_1627396494877{padding-top: 60px !important;padding-bottom: 40px !important;}&#8221;][vc_column width=&#8221;1\/2&#8243; css=&#8221;.vc_custom_1467303303610{padding-bottom: 20px !important;}&#8221;][vc_column_text]Intentem que el treball terap\u00e8utic sigui una forma equilibrada de relaci\u00f3 entre la persona i el terapeuta. L&#8217;objectiu \u00e9s aconseguir canvis i millores a diferents nivells: el simptom\u00e0tic i pertorbador, m\u00e9s superficial, per\u00f2 tamb\u00e9 a nivell m\u00e9s profund, de manera que es generin recursos duradors i estables.<\/p>\n<p>Amb aquesta finalitat, en sessi\u00f3 es poden aplicar diferents t\u00e8cniques i intervencions espec\u00edfiques, des de diferents enfocaments i models psicoterap\u00e8utics.<\/p>\n<p>Som conscients l&#8217;esfor\u00e7 que suposa desenvolupar un treball psicoterap\u00e8utic que no sempre \u00e9s f\u00e0cil per\u00f2 que demostra la seva efic\u00e0cia, quan \u00e9s dut a terme amb inter\u00e8s i atenci\u00f3.[\/vc_column_text][\/vc_column][vc_column width=&#8221;1\/2&#8243; css=&#8221;.vc_custom_1467303244842{padding-bottom: 40px !important;}&#8221;][vc_column_text]Afortunadament, els resultats solen presentar-se de forma r\u00e0pida i notable despr\u00e9s d&#8217;unes quantes sessions, el que ens permetr\u00e0 avan\u00e7ar, descobrir i consolidar, canvis i recursos per al futur.<\/p>\n<p>Les sessions individuals s\u00f3n de 60 minuts i les familiars de 90, en un espai tranquil i confortable on des de la comprensi\u00f3 i la col\u00b7laboraci\u00f3, es desenvolupa una configuraci\u00f3 terap\u00e8utica espec\u00edfica i \u00fanica per a cada persona.[\/vc_column_text][\/vc_column][\/vc_row]<\/p>\n<\/div>","protected":false},"excerpt":{"rendered":"<p>[vc_row type=&#8221;vc_default&#8221; css=&#8221;.vc_custom_1474212123263{padding-bottom: 40px !important;}&#8221;][vc_column css=&#8221;.vc_custom_1467303303610{padding-bottom: 20px !important;}&#8221;][vc_column_text] PSICOTER\u00c0PIA A BIOVERTIX [\/vc_column_text][vc_empty_space height=&#8221;45px&#8221;][vc_row_inner][vc_column_inner width=&#8221;1\/2&#8243;][vc_single_image image=&#8221;856&#8243; img_size=&#8221;full&#8221;][\/vc_column_inner][vc_column_inner width=&#8221;1\/2&#8243;][vc_column_text]Biovertix disposa del seu propi espai psicoterap\u00e8utic que facilita als usuaris del nostre centre, treballar aspectes psico-soci-emocionals. Segons el nostre enfocament integrador, entenem la salut com a concepte global de les dimensions f\u00edsiques i psicol\u00f2giques de l&#8217;\u00e9sser hum\u00e0. Vegem&hellip;<\/p>\n","protected":false},"author":1,"featured_media":0,"parent":0,"menu_order":1,"comment_status":"closed","ping_status":"closed","template":"","meta":{"footnotes":""},"class_list":["post-1044","page","type-page","status-publish","hentry","description-off"],"yoast_head":"<!-- This site is optimized with the Yoast SEO plugin v27.4 - https:\/\/yoast.com\/product\/yoast-seo-wordpress\/ -->\n<title>Psicoter\u00e0pia - Biovertix - Centro de salud integral.<\/title>\n<meta name=\"robots\" content=\"index, follow, max-snippet:-1, max-image-preview:large, max-video-preview:-1\" \/>\n<link rel=\"canonical\" href=\"https:\/\/www.biovertix.com\/ca\/psicoterapia\/\" \/>\n<meta property=\"og:locale\" content=\"ca_ES\" \/>\n<meta property=\"og:type\" content=\"article\" \/>\n<meta property=\"og:title\" content=\"Psicoter\u00e0pia - Biovertix - Centro de salud integral.\" \/>\n<meta property=\"og:description\" content=\"[vc_row type=&#8221;vc_default&#8221; css=&#8221;.vc_custom_1474212123263{padding-bottom: 40px !important;}&#8221;][vc_column css=&#8221;.vc_custom_1467303303610{padding-bottom: 20px !important;}&#8221;][vc_column_text] PSICOTER\u00c0PIA A BIOVERTIX [\/vc_column_text][vc_empty_space height=&#8221;45px&#8221;][vc_row_inner][vc_column_inner width=&#8221;1\/2&#8243;][vc_single_image image=&#8221;856&#8243; img_size=&#8221;full&#8221;][\/vc_column_inner][vc_column_inner width=&#8221;1\/2&#8243;][vc_column_text]Biovertix disposa del seu propi espai psicoterap\u00e8utic que facilita als usuaris del nostre centre, treballar aspectes psico-soci-emocionals. Segons el nostre enfocament integrador, entenem la salut com a concepte global de les dimensions f\u00edsiques i psicol\u00f2giques de l&#8217;\u00e9sser hum\u00e0. Vegem&hellip;\" \/>\n<meta property=\"og:url\" content=\"https:\/\/www.biovertix.com\/ca\/psicoterapia\/\" \/>\n<meta property=\"og:site_name\" content=\"Biovertix - Centro de salud integral.\" \/>\n<meta property=\"article:publisher\" content=\"https:\/\/www.facebook.com\/doctoraolaru\" \/>\n<meta property=\"article:modified_time\" content=\"2021-09-07T07:28:28+00:00\" \/>\n<meta name=\"twitter:card\" content=\"summary_large_image\" \/>\n<meta name=\"twitter:label1\" content=\"Temps estimat de lectura\" \/>\n\t<meta name=\"twitter:data1\" content=\"4 minuts\" \/>\n<script type=\"application\/ld+json\" class=\"yoast-schema-graph\">{\"@context\":\"https:\\\/\\\/schema.org\",\"@graph\":[{\"@type\":\"WebPage\",\"@id\":\"https:\\\/\\\/www.biovertix.com\\\/ca\\\/psicoterapia\\\/\",\"url\":\"https:\\\/\\\/www.biovertix.com\\\/ca\\\/psicoterapia\\\/\",\"name\":\"Psicoter\u00e0pia - Biovertix - Centro de salud integral.\",\"isPartOf\":{\"@id\":\"https:\\\/\\\/www.biovertix.com\\\/#website\"},\"datePublished\":\"2021-07-27T14:04:55+00:00\",\"dateModified\":\"2021-09-07T07:28:28+00:00\",\"breadcrumb\":{\"@id\":\"https:\\\/\\\/www.biovertix.com\\\/ca\\\/psicoterapia\\\/#breadcrumb\"},\"inLanguage\":\"ca\",\"potentialAction\":[{\"@type\":\"ReadAction\",\"target\":[\"https:\\\/\\\/www.biovertix.com\\\/ca\\\/psicoterapia\\\/\"]}]},{\"@type\":\"BreadcrumbList\",\"@id\":\"https:\\\/\\\/www.biovertix.com\\\/ca\\\/psicoterapia\\\/#breadcrumb\",\"itemListElement\":[{\"@type\":\"ListItem\",\"position\":1,\"name\":\"Portada\",\"item\":\"https:\\\/\\\/www.biovertix.com\\\/ca\\\/inicio\\\/\"},{\"@type\":\"ListItem\",\"position\":2,\"name\":\"Psicoter\u00e0pia\"}]},{\"@type\":\"WebSite\",\"@id\":\"https:\\\/\\\/www.biovertix.com\\\/#website\",\"url\":\"https:\\\/\\\/www.biovertix.com\\\/\",\"name\":\"Biovertix - Centro de salud integral.\",\"description\":\"Salud integrativa y quiropr\u00e1ctica en Barcelona\",\"publisher\":{\"@id\":\"https:\\\/\\\/www.biovertix.com\\\/#organization\"},\"potentialAction\":[{\"@type\":\"SearchAction\",\"target\":{\"@type\":\"EntryPoint\",\"urlTemplate\":\"https:\\\/\\\/www.biovertix.com\\\/?s={search_term_string}\"},\"query-input\":{\"@type\":\"PropertyValueSpecification\",\"valueRequired\":true,\"valueName\":\"search_term_string\"}}],\"inLanguage\":\"ca\"},{\"@type\":\"Organization\",\"@id\":\"https:\\\/\\\/www.biovertix.com\\\/#organization\",\"name\":\"Biovertix - Centro de salud integral.\",\"url\":\"https:\\\/\\\/www.biovertix.com\\\/\",\"logo\":{\"@type\":\"ImageObject\",\"inLanguage\":\"ca\",\"@id\":\"https:\\\/\\\/www.biovertix.com\\\/#\\\/schema\\\/logo\\\/image\\\/\",\"url\":\"https:\\\/\\\/www.biovertix.com\\\/wp-content\\\/uploads\\\/2021\\\/07\\\/biovertix-retina.png\",\"contentUrl\":\"https:\\\/\\\/www.biovertix.com\\\/wp-content\\\/uploads\\\/2021\\\/07\\\/biovertix-retina.png\",\"width\":364,\"height\":170,\"caption\":\"Biovertix - Centro de salud integral.\"},\"image\":{\"@id\":\"https:\\\/\\\/www.biovertix.com\\\/#\\\/schema\\\/logo\\\/image\\\/\"},\"sameAs\":[\"https:\\\/\\\/www.facebook.com\\\/doctoraolaru\"]}]}<\/script>\n<!-- \/ Yoast SEO plugin. -->","yoast_head_json":{"title":"Psicoter\u00e0pia - Biovertix - Centro de salud integral.","robots":{"index":"index","follow":"follow","max-snippet":"max-snippet:-1","max-image-preview":"max-image-preview:large","max-video-preview":"max-video-preview:-1"},"canonical":"https:\/\/www.biovertix.com\/ca\/psicoterapia\/","og_locale":"ca_ES","og_type":"article","og_title":"Psicoter\u00e0pia - Biovertix - Centro de salud integral.","og_description":"[vc_row type=&#8221;vc_default&#8221; css=&#8221;.vc_custom_1474212123263{padding-bottom: 40px !important;}&#8221;][vc_column css=&#8221;.vc_custom_1467303303610{padding-bottom: 20px !important;}&#8221;][vc_column_text] PSICOTER\u00c0PIA A BIOVERTIX [\/vc_column_text][vc_empty_space height=&#8221;45px&#8221;][vc_row_inner][vc_column_inner width=&#8221;1\/2&#8243;][vc_single_image image=&#8221;856&#8243; img_size=&#8221;full&#8221;][\/vc_column_inner][vc_column_inner width=&#8221;1\/2&#8243;][vc_column_text]Biovertix disposa del seu propi espai psicoterap\u00e8utic que facilita als usuaris del nostre centre, treballar aspectes psico-soci-emocionals. Segons el nostre enfocament integrador, entenem la salut com a concepte global de les dimensions f\u00edsiques i psicol\u00f2giques de l&#8217;\u00e9sser hum\u00e0. Vegem&hellip;","og_url":"https:\/\/www.biovertix.com\/ca\/psicoterapia\/","og_site_name":"Biovertix - Centro de salud integral.","article_publisher":"https:\/\/www.facebook.com\/doctoraolaru","article_modified_time":"2021-09-07T07:28:28+00:00","twitter_card":"summary_large_image","twitter_misc":{"Temps estimat de lectura":"4 minuts"},"schema":{"@context":"https:\/\/schema.org","@graph":[{"@type":"WebPage","@id":"https:\/\/www.biovertix.com\/ca\/psicoterapia\/","url":"https:\/\/www.biovertix.com\/ca\/psicoterapia\/","name":"Psicoter\u00e0pia - Biovertix - Centro de salud integral.","isPartOf":{"@id":"https:\/\/www.biovertix.com\/#website"},"datePublished":"2021-07-27T14:04:55+00:00","dateModified":"2021-09-07T07:28:28+00:00","breadcrumb":{"@id":"https:\/\/www.biovertix.com\/ca\/psicoterapia\/#breadcrumb"},"inLanguage":"ca","potentialAction":[{"@type":"ReadAction","target":["https:\/\/www.biovertix.com\/ca\/psicoterapia\/"]}]},{"@type":"BreadcrumbList","@id":"https:\/\/www.biovertix.com\/ca\/psicoterapia\/#breadcrumb","itemListElement":[{"@type":"ListItem","position":1,"name":"Portada","item":"https:\/\/www.biovertix.com\/ca\/inicio\/"},{"@type":"ListItem","position":2,"name":"Psicoter\u00e0pia"}]},{"@type":"WebSite","@id":"https:\/\/www.biovertix.com\/#website","url":"https:\/\/www.biovertix.com\/","name":"Biovertix - Centro de salud integral.","description":"Salud integrativa y quiropr\u00e1ctica en Barcelona","publisher":{"@id":"https:\/\/www.biovertix.com\/#organization"},"potentialAction":[{"@type":"SearchAction","target":{"@type":"EntryPoint","urlTemplate":"https:\/\/www.biovertix.com\/?s={search_term_string}"},"query-input":{"@type":"PropertyValueSpecification","valueRequired":true,"valueName":"search_term_string"}}],"inLanguage":"ca"},{"@type":"Organization","@id":"https:\/\/www.biovertix.com\/#organization","name":"Biovertix - Centro de salud integral.","url":"https:\/\/www.biovertix.com\/","logo":{"@type":"ImageObject","inLanguage":"ca","@id":"https:\/\/www.biovertix.com\/#\/schema\/logo\/image\/","url":"https:\/\/www.biovertix.com\/wp-content\/uploads\/2021\/07\/biovertix-retina.png","contentUrl":"https:\/\/www.biovertix.com\/wp-content\/uploads\/2021\/07\/biovertix-retina.png","width":364,"height":170,"caption":"Biovertix - Centro de salud integral."},"image":{"@id":"https:\/\/www.biovertix.com\/#\/schema\/logo\/image\/"},"sameAs":["https:\/\/www.facebook.com\/doctoraolaru"]}]}},"_links":{"self":[{"href":"https:\/\/www.biovertix.com\/ca\/wp-json\/wp\/v2\/pages\/1044","targetHints":{"allow":["GET"]}}],"collection":[{"href":"https:\/\/www.biovertix.com\/ca\/wp-json\/wp\/v2\/pages"}],"about":[{"href":"https:\/\/www.biovertix.com\/ca\/wp-json\/wp\/v2\/types\/page"}],"author":[{"embeddable":true,"href":"https:\/\/www.biovertix.com\/ca\/wp-json\/wp\/v2\/users\/1"}],"replies":[{"embeddable":true,"href":"https:\/\/www.biovertix.com\/ca\/wp-json\/wp\/v2\/comments?post=1044"}],"version-history":[{"count":2,"href":"https:\/\/www.biovertix.com\/ca\/wp-json\/wp\/v2\/pages\/1044\/revisions"}],"predecessor-version":[{"id":1081,"href":"https:\/\/www.biovertix.com\/ca\/wp-json\/wp\/v2\/pages\/1044\/revisions\/1081"}],"wp:attachment":[{"href":"https:\/\/www.biovertix.com\/ca\/wp-json\/wp\/v2\/media?parent=1044"}],"curies":[{"name":"wp","href":"https:\/\/api.w.org\/{rel}","templated":true}]}}