{"id":1539,"date":"2011-10-23T14:10:00","date_gmt":"2011-10-23T14:10:00","guid":{"rendered":"https:\/\/www.biovertix.com\/dt_testimonials\/isabel-pastor-65-anys-mestressa-de-casa\/"},"modified":"2021-09-29T11:45:51","modified_gmt":"2021-09-29T11:45:51","slug":"isabel-pastor-65-anys-mestressa-de-casa","status":"publish","type":"dt_testimonials","link":"https:\/\/www.biovertix.com\/ca\/dt_testimonials\/isabel-pastor-65-anys-mestressa-de-casa\/","title":{"rendered":"Isabel Pastor, 65 anys, Mestressa de casa"},"content":{"rendered":"<p>Vaig con\u00e8ixer la quiropr\u00e0ctica per recomanaci\u00f3 de la meva ginec\u00f2loga.<\/p>\n<p>Tenia un fort\u00edssim mal d&#8217;esquena i sobretot de maluc.<\/p>\n<p>Els f\u00e0rmacs antiinflamatoris no m&#8217;ajudaven gens. Havia consultat diversos metges especialistes en columna i, segons ells, es tractava d&#8217;una estenosi degenerativa del canal vertebral lumbar, que comprimia la medul\u2022la espinal. L&#8217;\u00fanica soluci\u00f3 era operar per descomprimir. El dolor em torturava, per\u00f2 la idea de passar per una intervenci\u00f3 de columna no em feia cap gr\u00e0cia, sobretot sabent que el cirurgi\u00e0 no em donava cap garantia.<\/p>\n<p>Era just abans de les vacances d&#8217;estiu i estava desesperada perqu\u00e8 sabia que anava a passar un agost molt dolent.<\/p>\n<p>Afortunadament tenia cita amb la meva ginec\u00f2loga, que em parl\u00e0 de la Dra. Angela Olaru. Vaig anar a la visita i vaig comen\u00e7ar un tractament intensiu amb la doctora i el seu equip. Per dir-ho en una paraula, la meva experi\u00e8ncia va ser &#8220;INCRE\u00cfBLE&#8221;.El dolor va comen\u00e7ar a cedir i, poc a poc em vaig posar b\u00e9 sense necessitat de prendre f\u00e0rmacs.<\/p>\n<p>Vaig aprendre que sempre \u00e9s millor solucionar l&#8217;origen del problema en lloc de tractar els s\u00edmptomes.<\/p>\n<p>Tamb\u00e9 vaig aprendre a beure m\u00e9s aigua, fer exercicis espec\u00edfics, no prendre f\u00e0rmacs, tenir cura de la postura, b\u00e0sicament escoltar el cos.<\/p>\n<p>Sense cap dubte recomano la quiropr\u00e0ctica a tot el m\u00f3n.<\/p>\n","protected":false},"excerpt":{"rendered":"<p>Vaig con\u00e8ixer la quiropr\u00e0ctica per recomanaci\u00f3 de la meva ginec\u00f2loga. Tenia un fort\u00edssim mal d&#8217;esquena i sobretot de maluc. Els f\u00e0rmacs antiinflamatoris no m&#8217;ajudaven gens. Havia consultat diversos metges especialistes en columna i, segons ells, es tractava d&#8217;una estenosi degenerativa del canal vertebral lumbar, que comprimia la medul\u2022la espinal. L&#8217;\u00fanica soluci\u00f3 era operar per descomprimir.&hellip;<\/p>\n","protected":false},"featured_media":0,"template":"","dt_testimonials_category":[],"class_list":["post-1539","dt_testimonials","type-dt_testimonials","status-publish","hentry","description-off"],"yoast_head":"<!-- This site is optimized with the Yoast SEO plugin v27.4 - https:\/\/yoast.com\/product\/yoast-seo-wordpress\/ -->\n<title>Isabel Pastor, 65 anys, Mestressa de casa - Biovertix - Centro de salud integral.<\/title>\n<meta name=\"robots\" content=\"index, follow, max-snippet:-1, max-image-preview:large, max-video-preview:-1\" \/>\n<link rel=\"canonical\" href=\"https:\/\/www.biovertix.com\/ca\/dt_testimonials\/isabel-pastor-65-anys-mestressa-de-casa\/\" \/>\n<meta property=\"og:locale\" content=\"ca_ES\" \/>\n<meta property=\"og:type\" content=\"article\" \/>\n<meta property=\"og:title\" content=\"Isabel Pastor, 65 anys, Mestressa de casa - Biovertix - Centro de salud integral.\" \/>\n<meta property=\"og:description\" content=\"Vaig con\u00e8ixer la quiropr\u00e0ctica per recomanaci\u00f3 de la meva ginec\u00f2loga. Tenia un fort\u00edssim mal d&#8217;esquena i sobretot de maluc. Els f\u00e0rmacs antiinflamatoris no m&#8217;ajudaven gens. Havia consultat diversos metges especialistes en columna i, segons ells, es tractava d&#8217;una estenosi degenerativa del canal vertebral lumbar, que comprimia la medul\u2022la espinal. L&#8217;\u00fanica soluci\u00f3 era operar per descomprimir.&hellip;\" \/>\n<meta property=\"og:url\" content=\"https:\/\/www.biovertix.com\/ca\/dt_testimonials\/isabel-pastor-65-anys-mestressa-de-casa\/\" \/>\n<meta property=\"og:site_name\" content=\"Biovertix - Centro de salud integral.\" \/>\n<meta property=\"article:publisher\" content=\"https:\/\/www.facebook.com\/doctoraolaru\" \/>\n<meta property=\"article:modified_time\" content=\"2021-09-29T11:45:51+00:00\" \/>\n<meta name=\"twitter:card\" content=\"summary_large_image\" \/>\n<meta name=\"twitter:label1\" content=\"Temps estimat de lectura\" \/>\n\t<meta name=\"twitter:data1\" content=\"1 minut\" \/>\n<script type=\"application\/ld+json\" class=\"yoast-schema-graph\">{\"@context\":\"https:\\\/\\\/schema.org\",\"@graph\":[{\"@type\":\"WebPage\",\"@id\":\"https:\\\/\\\/www.biovertix.com\\\/ca\\\/dt_testimonials\\\/isabel-pastor-65-anys-mestressa-de-casa\\\/\",\"url\":\"https:\\\/\\\/www.biovertix.com\\\/ca\\\/dt_testimonials\\\/isabel-pastor-65-anys-mestressa-de-casa\\\/\",\"name\":\"Isabel Pastor, 65 anys, Mestressa de casa - Biovertix - Centro de salud integral.\",\"isPartOf\":{\"@id\":\"https:\\\/\\\/www.biovertix.com\\\/#website\"},\"datePublished\":\"2011-10-23T14:10:00+00:00\",\"dateModified\":\"2021-09-29T11:45:51+00:00\",\"breadcrumb\":{\"@id\":\"https:\\\/\\\/www.biovertix.com\\\/ca\\\/dt_testimonials\\\/isabel-pastor-65-anys-mestressa-de-casa\\\/#breadcrumb\"},\"inLanguage\":\"ca\",\"potentialAction\":[{\"@type\":\"ReadAction\",\"target\":[\"https:\\\/\\\/www.biovertix.com\\\/ca\\\/dt_testimonials\\\/isabel-pastor-65-anys-mestressa-de-casa\\\/\"]}]},{\"@type\":\"BreadcrumbList\",\"@id\":\"https:\\\/\\\/www.biovertix.com\\\/ca\\\/dt_testimonials\\\/isabel-pastor-65-anys-mestressa-de-casa\\\/#breadcrumb\",\"itemListElement\":[{\"@type\":\"ListItem\",\"position\":1,\"name\":\"Portada\",\"item\":\"https:\\\/\\\/www.biovertix.com\\\/ca\\\/inicio\\\/\"},{\"@type\":\"ListItem\",\"position\":2,\"name\":\"Testimonios\",\"item\":\"https:\\\/\\\/www.biovertix.com\\\/dt_testimonials\\\/\"},{\"@type\":\"ListItem\",\"position\":3,\"name\":\"Isabel Pastor, 65 anys, Mestressa de casa\"}]},{\"@type\":\"WebSite\",\"@id\":\"https:\\\/\\\/www.biovertix.com\\\/#website\",\"url\":\"https:\\\/\\\/www.biovertix.com\\\/\",\"name\":\"Biovertix - Centro de salud integral.\",\"description\":\"Salud integrativa y quiropr\u00e1ctica en Barcelona\",\"publisher\":{\"@id\":\"https:\\\/\\\/www.biovertix.com\\\/#organization\"},\"potentialAction\":[{\"@type\":\"SearchAction\",\"target\":{\"@type\":\"EntryPoint\",\"urlTemplate\":\"https:\\\/\\\/www.biovertix.com\\\/?s={search_term_string}\"},\"query-input\":{\"@type\":\"PropertyValueSpecification\",\"valueRequired\":true,\"valueName\":\"search_term_string\"}}],\"inLanguage\":\"ca\"},{\"@type\":\"Organization\",\"@id\":\"https:\\\/\\\/www.biovertix.com\\\/#organization\",\"name\":\"Biovertix - Centro de salud integral.\",\"url\":\"https:\\\/\\\/www.biovertix.com\\\/\",\"logo\":{\"@type\":\"ImageObject\",\"inLanguage\":\"ca\",\"@id\":\"https:\\\/\\\/www.biovertix.com\\\/#\\\/schema\\\/logo\\\/image\\\/\",\"url\":\"https:\\\/\\\/www.biovertix.com\\\/wp-content\\\/uploads\\\/2021\\\/07\\\/biovertix-retina.png\",\"contentUrl\":\"https:\\\/\\\/www.biovertix.com\\\/wp-content\\\/uploads\\\/2021\\\/07\\\/biovertix-retina.png\",\"width\":364,\"height\":170,\"caption\":\"Biovertix - Centro de salud integral.\"},\"image\":{\"@id\":\"https:\\\/\\\/www.biovertix.com\\\/#\\\/schema\\\/logo\\\/image\\\/\"},\"sameAs\":[\"https:\\\/\\\/www.facebook.com\\\/doctoraolaru\"]}]}<\/script>\n<!-- \/ Yoast SEO plugin. -->","yoast_head_json":{"title":"Isabel Pastor, 65 anys, Mestressa de casa - Biovertix - Centro de salud integral.","robots":{"index":"index","follow":"follow","max-snippet":"max-snippet:-1","max-image-preview":"max-image-preview:large","max-video-preview":"max-video-preview:-1"},"canonical":"https:\/\/www.biovertix.com\/ca\/dt_testimonials\/isabel-pastor-65-anys-mestressa-de-casa\/","og_locale":"ca_ES","og_type":"article","og_title":"Isabel Pastor, 65 anys, Mestressa de casa - Biovertix - Centro de salud integral.","og_description":"Vaig con\u00e8ixer la quiropr\u00e0ctica per recomanaci\u00f3 de la meva ginec\u00f2loga. Tenia un fort\u00edssim mal d&#8217;esquena i sobretot de maluc. Els f\u00e0rmacs antiinflamatoris no m&#8217;ajudaven gens. Havia consultat diversos metges especialistes en columna i, segons ells, es tractava d&#8217;una estenosi degenerativa del canal vertebral lumbar, que comprimia la medul\u2022la espinal. L&#8217;\u00fanica soluci\u00f3 era operar per descomprimir.&hellip;","og_url":"https:\/\/www.biovertix.com\/ca\/dt_testimonials\/isabel-pastor-65-anys-mestressa-de-casa\/","og_site_name":"Biovertix - Centro de salud integral.","article_publisher":"https:\/\/www.facebook.com\/doctoraolaru","article_modified_time":"2021-09-29T11:45:51+00:00","twitter_card":"summary_large_image","twitter_misc":{"Temps estimat de lectura":"1 minut"},"schema":{"@context":"https:\/\/schema.org","@graph":[{"@type":"WebPage","@id":"https:\/\/www.biovertix.com\/ca\/dt_testimonials\/isabel-pastor-65-anys-mestressa-de-casa\/","url":"https:\/\/www.biovertix.com\/ca\/dt_testimonials\/isabel-pastor-65-anys-mestressa-de-casa\/","name":"Isabel Pastor, 65 anys, Mestressa de casa - Biovertix - Centro de salud integral.","isPartOf":{"@id":"https:\/\/www.biovertix.com\/#website"},"datePublished":"2011-10-23T14:10:00+00:00","dateModified":"2021-09-29T11:45:51+00:00","breadcrumb":{"@id":"https:\/\/www.biovertix.com\/ca\/dt_testimonials\/isabel-pastor-65-anys-mestressa-de-casa\/#breadcrumb"},"inLanguage":"ca","potentialAction":[{"@type":"ReadAction","target":["https:\/\/www.biovertix.com\/ca\/dt_testimonials\/isabel-pastor-65-anys-mestressa-de-casa\/"]}]},{"@type":"BreadcrumbList","@id":"https:\/\/www.biovertix.com\/ca\/dt_testimonials\/isabel-pastor-65-anys-mestressa-de-casa\/#breadcrumb","itemListElement":[{"@type":"ListItem","position":1,"name":"Portada","item":"https:\/\/www.biovertix.com\/ca\/inicio\/"},{"@type":"ListItem","position":2,"name":"Testimonios","item":"https:\/\/www.biovertix.com\/dt_testimonials\/"},{"@type":"ListItem","position":3,"name":"Isabel Pastor, 65 anys, Mestressa de casa"}]},{"@type":"WebSite","@id":"https:\/\/www.biovertix.com\/#website","url":"https:\/\/www.biovertix.com\/","name":"Biovertix - Centro de salud integral.","description":"Salud integrativa y quiropr\u00e1ctica en Barcelona","publisher":{"@id":"https:\/\/www.biovertix.com\/#organization"},"potentialAction":[{"@type":"SearchAction","target":{"@type":"EntryPoint","urlTemplate":"https:\/\/www.biovertix.com\/?s={search_term_string}"},"query-input":{"@type":"PropertyValueSpecification","valueRequired":true,"valueName":"search_term_string"}}],"inLanguage":"ca"},{"@type":"Organization","@id":"https:\/\/www.biovertix.com\/#organization","name":"Biovertix - Centro de salud integral.","url":"https:\/\/www.biovertix.com\/","logo":{"@type":"ImageObject","inLanguage":"ca","@id":"https:\/\/www.biovertix.com\/#\/schema\/logo\/image\/","url":"https:\/\/www.biovertix.com\/wp-content\/uploads\/2021\/07\/biovertix-retina.png","contentUrl":"https:\/\/www.biovertix.com\/wp-content\/uploads\/2021\/07\/biovertix-retina.png","width":364,"height":170,"caption":"Biovertix - Centro de salud integral."},"image":{"@id":"https:\/\/www.biovertix.com\/#\/schema\/logo\/image\/"},"sameAs":["https:\/\/www.facebook.com\/doctoraolaru"]}]}},"_links":{"self":[{"href":"https:\/\/www.biovertix.com\/ca\/wp-json\/wp\/v2\/dt_testimonials\/1539","targetHints":{"allow":["GET"]}}],"collection":[{"href":"https:\/\/www.biovertix.com\/ca\/wp-json\/wp\/v2\/dt_testimonials"}],"about":[{"href":"https:\/\/www.biovertix.com\/ca\/wp-json\/wp\/v2\/types\/dt_testimonials"}],"wp:attachment":[{"href":"https:\/\/www.biovertix.com\/ca\/wp-json\/wp\/v2\/media?parent=1539"}],"wp:term":[{"taxonomy":"dt_testimonials_category","embeddable":true,"href":"https:\/\/www.biovertix.com\/ca\/wp-json\/wp\/v2\/dt_testimonials_category?post=1539"}],"curies":[{"name":"wp","href":"https:\/\/api.w.org\/{rel}","templated":true}]}}